{"version":"1.0","provider_name":"ICT Sowing","provider_url":"https:\/\/siembratic.org\/en","author_name":"maorez","author_url":"https:\/\/siembratic.org\/en\/author\/maorez\/","title":"Cerrando la brecha digital en Colombia - Siembra TIC","type":"rich","width":600,"height":338,"html":"<blockquote class=\"wp-embedded-content\" data-secret=\"i36QfP7U9r\"><a href=\"https:\/\/siembratic.org\/en\/cerrando-la-brecha-digital-en-colombia\/\">Closing the digital divide in Colombia<\/a><\/blockquote><iframe sandbox=\"allow-scripts\" security=\"restricted\" src=\"https:\/\/siembratic.org\/en\/cerrando-la-brecha-digital-en-colombia\/embed\/#?secret=i36QfP7U9r\" width=\"600\" height=\"338\" title=\"&#8220;Cerrando la brecha digital en Colombia&#8221; &#8212; Siembra TIC\" data-secret=\"i36QfP7U9r\" frameborder=\"0\" marginwidth=\"0\" marginheight=\"0\" scrolling=\"no\" class=\"wp-embedded-content\"><\/iframe><script>\n\/*! This file is auto-generated *\/\n!function(d,l){\"use strict\";l.querySelector&&d.addEventListener&&\"undefined\"!=typeof URL&&(d.wp=d.wp||{},d.wp.receiveEmbedMessage||(d.wp.receiveEmbedMessage=function(e){var t=e.data;if((t||t.secret||t.message||t.value)&&!\/[^a-zA-Z0-9]\/.test(t.secret)){for(var s,r,n,a=l.querySelectorAll('iframe[data-secret=\"'+t.secret+'\"]'),o=l.querySelectorAll('blockquote[data-secret=\"'+t.secret+'\"]'),c=new RegExp(\"^https?:$\",\"i\"),i=0;i<o.length;i++)o[i].style.display=\"none\";for(i=0;i<a.length;i++)s=a[i],e.source===s.contentWindow&&(s.removeAttribute(\"style\"),\"height\"===t.message?(1e3<(r=parseInt(t.value,10))?r=1e3:~~r<200&&(r=200),s.height=r):\"link\"===t.message&&(r=new URL(s.getAttribute(\"src\")),n=new URL(t.value),c.test(n.protocol))&&n.host===r.host&&l.activeElement===s&&(d.top.location.href=t.value))}},d.addEventListener(\"message\",d.wp.receiveEmbedMessage,!1),l.addEventListener(\"DOMContentLoaded\",function(){for(var e,t,s=l.querySelectorAll(\"iframe.wp-embedded-content\"),r=0;r<s.length;r++)(t=(e=s[r]).getAttribute(\"data-secret\"))||(t=Math.random().toString(36).substring(2,12),e.src+=\"#?secret=\"+t,e.setAttribute(\"data-secret\",t)),e.contentWindow.postMessage({message:\"ready\",secret:t},\"*\")},!1)))}(window,document);\n\/\/# sourceURL=https:\/\/siembratic.org\/wp-includes\/js\/wp-embed.min.js\n<\/script>","thumbnail_url":"https:\/\/siembratic.org\/\/wp-content\/uploads\/2025\/09\/Cerrando-brecha-digital.webp","thumbnail_width":900,"thumbnail_height":550,"description":"Turmequ\u00e9 es un peque\u00f1o pero encantador municipio colombiano, ubicado en la provincia de M\u00e1rquez en el departamento de Boyac\u00e1. All\u00ed se ubica una instituci\u00f3n p\u00fablica (Instituci\u00f3n educativa t\u00e9cnica industrial de Turmequ\u00e9) que es la encargada de formar a los ni\u00f1os y ni\u00f1as en su primera infancia y que al igual que muchos otros colegios e [&hellip;]"}